{"id":2,"date":"2015-04-27T07:39:26","date_gmt":"2015-04-27T05:39:26","guid":{"rendered":"https:\/\/maisdonsursevre-steanne.fr\/?page_id=2"},"modified":"2025-11-21T09:35:09","modified_gmt":"2025-11-21T08:35:09","slug":"accueil","status":"publish","type":"page","link":"https:\/\/maisdonsursevre-steanne.fr\/","title":{"rendered":""},"content":{"rendered":"<div id=\"pl-2\"  class=\"panel-layout\" ><div id=\"pg-2-0\"  class=\"panel-grid panel-no-style\" ><div id=\"pgc-2-0-0\"  class=\"panel-grid-cell\" ><div id=\"panel-2-0-0-0\" class=\"so-panel widget widget_sow-editor panel-first-child panel-last-child\" data-index=\"0\" ><div class=\"panel-widget-style panel-widget-style-for-2-0-0-0\" ><div\n\t\t\t\n\t\t\tclass=\"so-widget-sow-editor so-widget-sow-editor-base\"\n\t\t\t\n\t\t><h3 class=\"widget-title\">INSCRIPTIONS<\/h3>\n<div class=\"siteorigin-widget-tinymce textwidget\">\n\t<p>INSCRIPTIONS<\/p>\n<p>Les inscriptions pour la rentr\u00e9e scolaire de septembre 2026 sont ouvertes.<\/p>\n<p><a href=\"https:\/\/maisdonsursevre-steanne.fr\/?page_id=3483\">Voir plus d'informations ici<\/a><\/p>\n<p><a href=\"https:\/\/maisdonsursevre-steanne.fr\/wp-content\/uploads\/2025\/11\/Logo-Ecole-Sainte-Anne-version-600.png\"><img loading=\"lazy\" decoding=\"async\" class=\"alignnone  wp-image-6339\" src=\"https:\/\/maisdonsursevre-steanne.fr\/wp-content\/uploads\/2025\/11\/Logo-Ecole-Sainte-Anne-version-600.png\" alt=\"\" width=\"119\" height=\"154\" srcset=\"https:\/\/maisdonsursevre-steanne.fr\/wp-content\/uploads\/2025\/11\/Logo-Ecole-Sainte-Anne-version-600.png 462w, https:\/\/maisdonsursevre-steanne.fr\/wp-content\/uploads\/2025\/11\/Logo-Ecole-Sainte-Anne-version-600-231x300.png 231w\" sizes=\"(max-width: 119px) 100vw, 119px\" \/><\/a><\/p>\n<\/div>\n<\/div><\/div><\/div><\/div><div id=\"pgc-2-0-1\"  class=\"panel-grid-cell\" ><div id=\"panel-2-0-1-0\" class=\"so-panel widget widget_sow-editor panel-first-child\" data-index=\"1\" ><div class=\"panel-widget-style panel-widget-style-for-2-0-1-0\" ><div\n\t\t\t\n\t\t\tclass=\"so-widget-sow-editor so-widget-sow-editor-base\"\n\t\t\t\n\t\t><h3 class=\"widget-title\">BIENVENUE<\/h3>\n<div class=\"siteorigin-widget-tinymce textwidget\">\n\t<p>Bienvenue sur le site<\/p>\n<p>de l'\u00e9cole Sainte Anne<\/p>\n<p>\u00e0 Maisdon sur S\u00e8vre<\/p>\n<p><a href=\"https:\/\/maisdonsursevre-steanne.fr\/wp-content\/uploads\/2025\/11\/cropped-Logo-Ecole-Sainte-Anne-version-600.png\"><img loading=\"lazy\" decoding=\"async\" class=\"alignnone  wp-image-6340\" src=\"https:\/\/maisdonsursevre-steanne.fr\/wp-content\/uploads\/2025\/11\/cropped-Logo-Ecole-Sainte-Anne-version-600.png\" alt=\"\" width=\"120\" height=\"155\" srcset=\"https:\/\/maisdonsursevre-steanne.fr\/wp-content\/uploads\/2025\/11\/cropped-Logo-Ecole-Sainte-Anne-version-600.png 460w, https:\/\/maisdonsursevre-steanne.fr\/wp-content\/uploads\/2025\/11\/cropped-Logo-Ecole-Sainte-Anne-version-600-232x300.png 232w\" sizes=\"(max-width: 120px) 100vw, 120px\" \/><\/a><\/p>\n<p><a href=\"https:\/\/www.facebook.com\/ApelEcoleSteAnneMaisdonSurSevre\/\">Facebook<\/a> -&nbsp;<a href=\"https:\/\/www.instagram.com\/ecole_ste_anne_maisdon\/\">Instagram<\/a><\/p>\n<\/div>\n<\/div><\/div><\/div><div id=\"panel-2-0-1-1\" class=\"so-panel widget widget_sow-editor panel-last-child\" data-index=\"2\" ><div class=\"panel-widget-style panel-widget-style-for-2-0-1-1\" ><div\n\t\t\t\n\t\t\tclass=\"so-widget-sow-editor so-widget-sow-editor-base\"\n\t\t\t\n\t\t><h3 class=\"widget-title\">ACTUALITES<\/h3>\n<div class=\"siteorigin-widget-tinymce textwidget\">\n\t<p>Informations sur le<span style=\"color: #ff00ff;\"> <a style=\"color: #ff00ff;\" href=\"https:\/\/maisdonsursevre-steanne.fr\/?page_id=375\">recyclage<\/a><\/span><\/p>\n<p>Conseil des <span style=\"color: #ff00ff;\"><a style=\"color: #ff00ff;\" href=\"https:\/\/maisdonsursevre-steanne.fr\/?page_id=273\">d\u00e9l\u00e9gu\u00e9s<\/a><\/span><\/p>\n<p>Acc\u00e9der aux <span style=\"color: #ff00ff;\"><a style=\"color: #ff00ff;\" href=\"https:\/\/maisdonsursevre-steanne.fr\/?page_id=257\">activit\u00e9s du midi<\/a><\/span><\/p>\n<p>Acc\u00e9der aux <span style=\"color: #ff00ff;\"><a style=\"color: #ff00ff;\" href=\"https:\/\/maisdonsursevre-steanne.fr\/?page_id=110\">menus de la cantine<\/a><\/span><\/p>\n<p>Location de <span style=\"color: #ff00ff;\"><a style=\"color: #ff00ff;\" href=\"https:\/\/maisdonsursevre-steanne.fr\/?page_id=1512\">costumes<\/a><\/span><\/p>\n<p>&nbsp;<\/p>\n<p>&nbsp;<\/p>\n<\/div>\n<\/div><\/div><\/div><\/div><div id=\"pgc-2-0-2\"  class=\"panel-grid-cell\" ><div id=\"panel-2-0-2-0\" class=\"so-panel widget widget_ai1ec_agenda_widget panel-first-child panel-last-child\" data-index=\"3\" ><div class=\"panel-widget-style panel-widget-style-for-2-0-2-0\" >\n\n\t<h3 class=\"widget-title\">\u00c9v\u00e8nements \u00e0 venir<\/h3>\n\n<style>\n<!--\n\n-->\n<\/style>\n<div class=\"timely ai1ec-agenda-widget-view ai1ec-clearfix\">\n\n\t\t\t<div>\n\t\t\t\t\t\t\t\t\t\t\t\t\t<div class=\"ai1ec-date\n\t\t\t\t\t\">\n\t\t\t\t\t<a class=\"ai1ec-date-title ai1ec-load-view\"\n\t\t\t\t\t\thref=\"https&#x3A;&#x2F;&#x2F;maisdonsursevre-steanne.fr&#x2F;&#x3F;page_id&#x3D;3196&amp;ai1ec&#x3D;action&#x7E;oneday&#x7C;exact_date&#x7E;11-5-2026\">\n\t\t\t\t\t\t<div class=\"ai1ec-month\">Mai<\/div>\n\t\t\t\t\t\t<div class=\"ai1ec-day\">11<\/div>\n\t\t\t\t\t\t<div class=\"ai1ec-weekday\">lun<\/div>\n\t\t\t\t\t\t\t\t\t\t\t<\/a>\n\t\t\t\t\t<div class=\"ai1ec-date-events\">\n\t\t\t\t\t\t\t\t\t\t\t\t\t \t\t\t\t\t\t\t\t\t\t\t\t\t\t\t\t\t\t\t\t\t<div class=\"ai1ec-event\n\t\t\t\t\t\t\t\t\tai1ec-event-id-6288\n\t\t\t\t\t\t\t\t\tai1ec-event-instance-id-112\n\t\t\t\t\t\t\t\t\t\">\n\n\t\t\t\t\t\t\t\t\t<a href=\"https&#x3A;&#x2F;&#x2F;maisdonsursevre-steanne.fr&#x2F;&#x3F;ai1ec_event&#x3D;journees-projet&amp;instance_id&#x3D;112\"\n\t\t\t\t\t\t\t\t\t\tclass=\"ai1ec-popup-trigger ai1ec-load-event\">\n\t\t\t\t\t\t\t\t\t\t\t\t\t\t\t\t\t\t\t\t\t<span class=\"ai1ec-event-time\">\n\t\t\t\t\t\t\t\t\t\t\t\t8 h 30 min\n\t\t\t\t\t\t\t\t\t\t\t<\/span>\n\t\t\t\t\t\t\t\t\t\t\n\t\t\t\t\t\t\t\t\t\t<span class=\"ai1ec-event-title\">\n\t\t\t\t\t\t\t\t\t\t\tJourn&eacute;es projet\n\t\t\t\t\t\t\t\t\t\t\t\t\t\t\t\t\t\t\t\t\t<\/span>\n\t\t\t\t\t\t\t\t\t<\/a>\n\n\t\t\t\t\t\t\t\t\t<div class=\"ai1ec-popover ai1ec-popup \n\tai1ec-event-instance-id-112\">\n\n\t\t\n\t<span class=\"ai1ec-popup-title\">\n\t\t<a href=\"https&#x3A;&#x2F;&#x2F;maisdonsursevre-steanne.fr&#x2F;&#x3F;ai1ec_event&#x3D;journees-projet&amp;instance_id&#x3D;112\"\n\t\t   class=\"ai1ec-load-event\"\n\t\t\t>Journ&eacute;es projet<\/a>\n\t\t\t\t\t<\/span>\n\n\t\n\t<div class=\"ai1ec-event-time\">\n\t\t\t\t\tMai 11 @ 8 h 30 min \u2013 Mai 12 @ 16 h 15 min\n\t\t\t<\/div>\n\n\t\n\t\t\t<div class=\"ai1ec-popup-excerpt\">&nbsp;<\/div>\n\t\n<\/div>\n\n\t\t\t\t\t\t\t\t<\/div>\n\t\t\t\t\t\t\t \t\t\t\t\t\t \t\t\t\t\t<\/div>\n\t\t\t\t<\/div>\n\t\t\t\t\t\t\t<div class=\"ai1ec-date\n\t\t\t\t\t\">\n\t\t\t\t\t<a class=\"ai1ec-date-title ai1ec-load-view\"\n\t\t\t\t\t\thref=\"https&#x3A;&#x2F;&#x2F;maisdonsursevre-steanne.fr&#x2F;&#x3F;page_id&#x3D;3196&amp;ai1ec&#x3D;action&#x7E;oneday&#x7C;exact_date&#x7E;28-5-2026\">\n\t\t\t\t\t\t<div class=\"ai1ec-month\">Mai<\/div>\n\t\t\t\t\t\t<div class=\"ai1ec-day\">28<\/div>\n\t\t\t\t\t\t<div class=\"ai1ec-weekday\">jeu<\/div>\n\t\t\t\t\t\t\t\t\t\t\t<\/a>\n\t\t\t\t\t<div class=\"ai1ec-date-events\">\n\t\t\t\t\t\t\t\t\t\t\t\t\t \t\t\t\t\t\t\t\t\t\t\t\t\t\t\t\t\t\t\t\t\t<div class=\"ai1ec-event\n\t\t\t\t\t\t\t\t\tai1ec-event-id-6289\n\t\t\t\t\t\t\t\t\tai1ec-event-instance-id-113\n\t\t\t\t\t\t\t\t\t\">\n\n\t\t\t\t\t\t\t\t\t<a href=\"https&#x3A;&#x2F;&#x2F;maisdonsursevre-steanne.fr&#x2F;&#x3F;ai1ec_event&#x3D;journee-sportive-gs-cp-4&amp;instance_id&#x3D;113\"\n\t\t\t\t\t\t\t\t\t\tclass=\"ai1ec-popup-trigger ai1ec-load-event\">\n\t\t\t\t\t\t\t\t\t\t\t\t\t\t\t\t\t\t\t\t\t<span class=\"ai1ec-event-time\">\n\t\t\t\t\t\t\t\t\t\t\t\t8 h 45 min\n\t\t\t\t\t\t\t\t\t\t\t<\/span>\n\t\t\t\t\t\t\t\t\t\t\n\t\t\t\t\t\t\t\t\t\t<span class=\"ai1ec-event-title\">\n\t\t\t\t\t\t\t\t\t\t\tJourn&eacute;e sportive GS\/CP\n\t\t\t\t\t\t\t\t\t\t\t\t\t\t\t\t\t\t\t\t\t<\/span>\n\t\t\t\t\t\t\t\t\t<\/a>\n\n\t\t\t\t\t\t\t\t\t<div class=\"ai1ec-popover ai1ec-popup \n\tai1ec-event-instance-id-113\">\n\n\t\t\n\t<span class=\"ai1ec-popup-title\">\n\t\t<a href=\"https&#x3A;&#x2F;&#x2F;maisdonsursevre-steanne.fr&#x2F;&#x3F;ai1ec_event&#x3D;journee-sportive-gs-cp-4&amp;instance_id&#x3D;113\"\n\t\t   class=\"ai1ec-load-event\"\n\t\t\t>Journ&eacute;e sportive GS\/CP<\/a>\n\t\t\t\t\t<\/span>\n\n\t\n\t<div class=\"ai1ec-event-time\">\n\t\t\t\t\tMai 28 @ 8 h 45 min \u2013 16 h 00 min\n\t\t\t<\/div>\n\n\t\n\t\t\t<div class=\"ai1ec-popup-excerpt\">&nbsp;<\/div>\n\t\n<\/div>\n\n\t\t\t\t\t\t\t\t<\/div>\n\t\t\t\t\t\t\t \t\t\t\t\t\t \t\t\t\t\t<\/div>\n\t\t\t\t<\/div>\n\t\t\t\t\t\t\t<div class=\"ai1ec-date\n\t\t\t\t\t\">\n\t\t\t\t\t<a class=\"ai1ec-date-title ai1ec-load-view\"\n\t\t\t\t\t\thref=\"https&#x3A;&#x2F;&#x2F;maisdonsursevre-steanne.fr&#x2F;&#x3F;page_id&#x3D;3196&amp;ai1ec&#x3D;action&#x7E;oneday&#x7C;exact_date&#x7E;29-5-2026\">\n\t\t\t\t\t\t<div class=\"ai1ec-month\">Mai<\/div>\n\t\t\t\t\t\t<div class=\"ai1ec-day\">29<\/div>\n\t\t\t\t\t\t<div class=\"ai1ec-weekday\">ven<\/div>\n\t\t\t\t\t\t\t\t\t\t\t<\/a>\n\t\t\t\t\t<div class=\"ai1ec-date-events\">\n\t\t\t\t\t\t\t\t\t\t\t\t\t \t\t\t\t\t\t\t\t\t\t\t\t\t\t\t\t\t\t\t\t\t<div class=\"ai1ec-event\n\t\t\t\t\t\t\t\t\tai1ec-event-id-6290\n\t\t\t\t\t\t\t\t\tai1ec-event-instance-id-114\n\t\t\t\t\t\t\t\t\t\">\n\n\t\t\t\t\t\t\t\t\t<a href=\"https&#x3A;&#x2F;&#x2F;maisdonsursevre-steanne.fr&#x2F;&#x3F;ai1ec_event&#x3D;journee-sportive-ce1-ce2-3&amp;instance_id&#x3D;114\"\n\t\t\t\t\t\t\t\t\t\tclass=\"ai1ec-popup-trigger ai1ec-load-event\">\n\t\t\t\t\t\t\t\t\t\t\t\t\t\t\t\t\t\t\t\t\t<span class=\"ai1ec-event-time\">\n\t\t\t\t\t\t\t\t\t\t\t\t8 h 45 min\n\t\t\t\t\t\t\t\t\t\t\t<\/span>\n\t\t\t\t\t\t\t\t\t\t\n\t\t\t\t\t\t\t\t\t\t<span class=\"ai1ec-event-title\">\n\t\t\t\t\t\t\t\t\t\t\tJourn&eacute;e sportive CE1\/CE2\n\t\t\t\t\t\t\t\t\t\t\t\t\t\t\t\t\t\t\t\t\t<\/span>\n\t\t\t\t\t\t\t\t\t<\/a>\n\n\t\t\t\t\t\t\t\t\t<div class=\"ai1ec-popover ai1ec-popup \n\tai1ec-event-instance-id-114\">\n\n\t\t\n\t<span class=\"ai1ec-popup-title\">\n\t\t<a href=\"https&#x3A;&#x2F;&#x2F;maisdonsursevre-steanne.fr&#x2F;&#x3F;ai1ec_event&#x3D;journee-sportive-ce1-ce2-3&amp;instance_id&#x3D;114\"\n\t\t   class=\"ai1ec-load-event\"\n\t\t\t>Journ&eacute;e sportive CE1\/CE2<\/a>\n\t\t\t\t\t<\/span>\n\n\t\n\t<div class=\"ai1ec-event-time\">\n\t\t\t\t\tMai 29 @ 8 h 45 min \u2013 16 h 00 min\n\t\t\t<\/div>\n\n\t\n\t\t\t<div class=\"ai1ec-popup-excerpt\">&nbsp;<\/div>\n\t\n<\/div>\n\n\t\t\t\t\t\t\t\t<\/div>\n\t\t\t\t\t\t\t \t\t\t\t\t\t \t\t\t\t\t<\/div>\n\t\t\t\t<\/div>\n\t\t\t\t\t\t\t<div class=\"ai1ec-date\n\t\t\t\t\t\">\n\t\t\t\t\t<a class=\"ai1ec-date-title ai1ec-load-view\"\n\t\t\t\t\t\thref=\"https&#x3A;&#x2F;&#x2F;maisdonsursevre-steanne.fr&#x2F;&#x3F;page_id&#x3D;3196&amp;ai1ec&#x3D;action&#x7E;oneday&#x7C;exact_date&#x7E;1-6-2026\">\n\t\t\t\t\t\t<div class=\"ai1ec-month\">Juin<\/div>\n\t\t\t\t\t\t<div class=\"ai1ec-day\">1<\/div>\n\t\t\t\t\t\t<div class=\"ai1ec-weekday\">lun<\/div>\n\t\t\t\t\t\t\t\t\t\t\t<\/a>\n\t\t\t\t\t<div class=\"ai1ec-date-events\">\n\t\t\t\t\t\t\t\t\t\t\t\t\t \t\t\t\t\t\t\t\t\t\t\t\t\t\t\t\t\t\t\t\t\t<div class=\"ai1ec-event\n\t\t\t\t\t\t\t\t\tai1ec-event-id-6291\n\t\t\t\t\t\t\t\t\tai1ec-event-instance-id-115\n\t\t\t\t\t\t\t\t\t\">\n\n\t\t\t\t\t\t\t\t\t<a href=\"https&#x3A;&#x2F;&#x2F;maisdonsursevre-steanne.fr&#x2F;&#x3F;ai1ec_event&#x3D;journee-sportive-ps-ms-3&amp;instance_id&#x3D;115\"\n\t\t\t\t\t\t\t\t\t\tclass=\"ai1ec-popup-trigger ai1ec-load-event\">\n\t\t\t\t\t\t\t\t\t\t\t\t\t\t\t\t\t\t\t\t\t<span class=\"ai1ec-event-time\">\n\t\t\t\t\t\t\t\t\t\t\t\t9 h 00 min\n\t\t\t\t\t\t\t\t\t\t\t<\/span>\n\t\t\t\t\t\t\t\t\t\t\n\t\t\t\t\t\t\t\t\t\t<span class=\"ai1ec-event-title\">\n\t\t\t\t\t\t\t\t\t\t\tJourn&eacute;e sportive PS\/MS\n\t\t\t\t\t\t\t\t\t\t\t\t\t\t\t\t\t\t\t\t\t<\/span>\n\t\t\t\t\t\t\t\t\t<\/a>\n\n\t\t\t\t\t\t\t\t\t<div class=\"ai1ec-popover ai1ec-popup \n\tai1ec-event-instance-id-115\">\n\n\t\t\n\t<span class=\"ai1ec-popup-title\">\n\t\t<a href=\"https&#x3A;&#x2F;&#x2F;maisdonsursevre-steanne.fr&#x2F;&#x3F;ai1ec_event&#x3D;journee-sportive-ps-ms-3&amp;instance_id&#x3D;115\"\n\t\t   class=\"ai1ec-load-event\"\n\t\t\t>Journ&eacute;e sportive PS\/MS<\/a>\n\t\t\t\t\t<\/span>\n\n\t\n\t<div class=\"ai1ec-event-time\">\n\t\t\t\t\tJuin 1 @ 9 h 00 min \u2013 14 h 30 min\n\t\t\t<\/div>\n\n\t\n\t\t\t<div class=\"ai1ec-popup-excerpt\">&nbsp;<\/div>\n\t\n<\/div>\n\n\t\t\t\t\t\t\t\t<\/div>\n\t\t\t\t\t\t\t \t\t\t\t\t\t \t\t\t\t\t<\/div>\n\t\t\t\t<\/div>\n\t\t\t \t\t<\/div>\n\t \n\t\t\t<div class=\"ai1ec-subscribe-buttons-widget\">\n\t\t\t\t\t\t\t<a class=\"ai1ec-btn ai1ec-btn-default ai1ec-btn-xs ai1ec-pull-right\n\t\t\t\t\tai1ec-calendar-link\"\n\t\t\t\t\thref=\"https&#x3A;&#x2F;&#x2F;maisdonsursevre-steanne.fr&#x2F;&#x3F;page_id&#x3D;3196&amp;ai1ec&#x3D;\">\n\t\t\t\t\tVoir le calendrier\n\t\t\t\t\t<i class=\"ai1ec-fa ai1ec-fa-arrow-right\"><\/i>\n\t\t\t\t<\/a>\n\t\t\t\n\t\t\t\t\t\t\t<div class=\"ai1ec-subscribe-dropdown ai1ec-dropdown ai1ec-btn\n\tai1ec-btn-default ai1ec-btn-xs\">\n\t<span role=\"button\" class=\"ai1ec-dropdown-toggle ai1ec-subscribe\"\n\t\t\tdata-toggle=\"ai1ec-dropdown\">\n\t\t<i class=\"ai1ec-fa ai1ec-icon-rss ai1ec-fa-lg ai1ec-fa-fw\"><\/i>\n\t\t<span class=\"ai1ec-hidden-xs\">\n\t\t\t\t\t\t\tAjouter\n\t\t\t\t\t\t<span class=\"ai1ec-caret\"><\/span>\n\t\t<\/span>\n\t<\/span>\n\t\t\t<ul class=\"ai1ec-dropdown-menu ai1ec-pull-left\" role=\"menu\">\n\t\t<li>\n\t\t\t<a class=\"ai1ec-tooltip-trigger ai1ec-tooltip-auto\" target=\"_blank\"\n\t\t\t\tdata-placement=\"right\" title=\"Copiez cette URL pour votre propre calendrier Timely ou cliquez pour l\u2019ajouter \u00e0 votre calendrier de texte enrichi\"\n\t\t\t\thref=\"http&#x3A;&#x2F;&#x2F;maisdonsursevre-steanne.fr&#x2F;&#x3F;plugin&#x3D;all-in-one-event-calendar&amp;controller&#x3D;ai1ec_exporter_controller&amp;action&#x3D;export_events\">\n\t\t\t\t<i class=\"ai1ec-fa ai1ec-fa-lg ai1ec-fa-fw ai1ec-icon-timely\"><\/i>\n\t\t\t\tAjouter au calendrier Timely\n\t\t\t<\/a>\n\t\t<\/li>\n\t\t<li>\n\t\t\t<a class=\"ai1ec-tooltip-trigger ai1ec-tooltip-auto\" target=\"_blank\"\n\t\t\t  data-placement=\"right\" title=\"Abonnez-vous \u00e0 ce calendrier dans votre agenda Google\"\n\t\t\t  href=\"https:\/\/www.google.com\/calendar\/render?cid=http&#x25;3A&#x25;2F&#x25;2Fmaisdonsursevre-steanne.fr&#x25;2F&#x25;3Fplugin&#x25;3Dall-in-one-event-calendar&#x25;26controller&#x25;3Dai1ec_exporter_controller&#x25;26action&#x25;3Dexport_events&#x25;26no_html&#x25;3Dtrue&#x25;26&#x25;26\">\n\t\t\t\t<i class=\"ai1ec-fa ai1ec-icon-google ai1ec-fa-lg ai1ec-fa-fw\"><\/i>\n\t\t\t\tAjouter \u00e0 Google\n\t\t\t<\/a>\n\t\t<\/li>\n\t\t<li>\n\t\t\t<a class=\"ai1ec-tooltip-trigger ai1ec-tooltip-auto\" target=\"_blank\"\n\t\t\t  data-placement=\"right\" title=\"Abonnez-vous \u00e0 ce calendrier dans MS Outlook\"\n\t\t\t  href=\"webcal&#x3A;&#x2F;&#x2F;maisdonsursevre-steanne.fr&#x2F;&#x3F;plugin&#x3D;all-in-one-event-calendar&amp;controller&#x3D;ai1ec_exporter_controller&amp;action&#x3D;export_events&amp;no_html&#x3D;true\">\n\t\t\t\t<i class=\"ai1ec-fa ai1ec-icon-windows ai1ec-fa-lg ai1ec-fa-fw\"><\/i>\n\t\t\t\tAjouter \u00e0 Outlook\n\t\t\t<\/a>\n\t\t<\/li>\n\t\t<li>\n\t\t\t<a class=\"ai1ec-tooltip-trigger ai1ec-tooltip-auto\" target=\"_blank\"\n\t\t\t  data-placement=\"right\" title=\"Abonnez-vous \u00e0 ce calendrier dans votre agenda Apple\u00a0\/\u00a0iCal\"\n\t\t\t  href=\"webcal&#x3A;&#x2F;&#x2F;maisdonsursevre-steanne.fr&#x2F;&#x3F;plugin&#x3D;all-in-one-event-calendar&amp;controller&#x3D;ai1ec_exporter_controller&amp;action&#x3D;export_events&amp;no_html&#x3D;true\">\n\t\t\t\t<i class=\"ai1ec-fa ai1ec-icon-apple ai1ec-fa-lg ai1ec-fa-fw\"><\/i>\n\t\t\t\tAjouter au calendrier Apple\n\t\t\t<\/a>\n\t\t<\/li>\n\t\t<li>\n\t\t\t\t\t\t<a class=\"ai1ec-tooltip-trigger ai1ec-tooltip-auto\"\n\t\t\t  data-placement=\"right\" title=\"Abonnez-vous \u00e0 ce calendrier dans un autre calendrier en texte brut\"\n\t\t\t  href=\"http&#x3A;&#x2F;&#x2F;maisdonsursevre-steanne.fr&#x2F;&#x3F;plugin&#x3D;all-in-one-event-calendar&amp;controller&#x3D;ai1ec_exporter_controller&amp;action&#x3D;export_events&amp;no_html&#x3D;true\">\n\t\t\t\t<i class=\"ai1ec-fa ai1ec-icon-calendar ai1ec-fa-fw\"><\/i>\n\t\t\t\tAjouter \u00e0 un autre calendrier\n\t\t\t<\/a>\n\t\t<\/li>\n\t\t<li>\n\t\t\t<a class=\"ai1ec-tooltip-trigger ai1ec-tooltip-auto\"\n\t\t\t  data-placement=\"right\" title=\"\"\n\t\t\t  href=\"http&#x3A;&#x2F;&#x2F;maisdonsursevre-steanne.fr&#x2F;&#x3F;plugin&#x3D;all-in-one-event-calendar&amp;controller&#x3D;ai1ec_exporter_controller&amp;action&#x3D;export_events&xml=true\">\n\t\t\t\t<i class=\"ai1ec-fa ai1ec-fa-file-text ai1ec-fa-lg ai1ec-fa-fw\"><\/i>\n\t\t\t\tExporter vers XML\n\t\t\t<\/a>\n\t\t<\/li>\n\t<\/ul>\n<\/div>\n\n\t\t\t\t\t<\/div>\n\t \n<\/div>\n\n\n\n<\/div><\/div><\/div><\/div><div id=\"pg-2-1\"  class=\"panel-grid panel-no-style\" ><div id=\"pgc-2-1-0\"  class=\"panel-grid-cell\" ><div id=\"panel-2-1-0-0\" class=\"so-panel widget widget_sow-post-carousel panel-first-child panel-last-child\" data-index=\"4\" ><div class=\"panel-widget-style panel-widget-style-for-2-1-0-0\" ><div\n\t\t\t\n\t\t\tclass=\"so-widget-sow-post-carousel so-widget-sow-post-carousel-base-43ba6433a843-2\"\n\t\t\t\n\t\t>\t<div\n\t\tclass=\"sow-post-carousel-wrapper sow-post-carousel-theme-base\"\n\t\tstyle=\"overflow: hidden; max-width: 100%; min-height: 150px\"\n\t>\n\t\t<div class=\"sow-carousel-title has-title\">\n\t<h3 class=\"widget-title\">Tous les articles de l&#039;ann\u00e9e<\/h3>\t\t<div class=\"sow-carousel-navigation \">\n\t\t\t\t\t\t<a href=\"#\" class=\"sow-carousel-next\" title=\"Suivant\" aria-label=\"Next Posts\" role=\"button\"><\/a>\n\t\t\t\t\t\t<a href=\"#\" class=\"sow-carousel-previous\" title=\"Pr\u00e9c\u00e9dent\" aria-label=\"Previous Posts\" role=\"button\"><\/a>\n\t\t\t\t\t<\/div>\n\t<\/div>\n\n<div class=\"sow-carousel-container \">\n\t\t<div class=\"sow-carousel-wrapper\"\n\t\tdata-dir=\"ltr\"\n\t\tstyle=\"opacity: 0;\"\n\t\tdata-widget=\"post\" data-fetching=\"false\" data-page=\"1\" data-ajax-url=\"https:\/\/maisdonsursevre-steanne.fr\/wp-admin\/admin-ajax.php?_widgets_nonce=bd91e9b57e\" data-item_count=\"341\" data-carousel_settings=\"{&quot;loop&quot;:true,&quot;animation&quot;:&quot;ease&quot;,&quot;animation_speed&quot;:800,&quot;autoplay&quot;:&quot;off&quot;,&quot;pauseOnHover&quot;:&quot;&quot;,&quot;autoplaySpeed&quot;:8000,&quot;item_overflow&quot;:true,&quot;autoplay_continuous_scroll&quot;:false}\" data-responsive=\"{&quot;desktop_slides_to_scroll&quot;:1,&quot;tablet_landscape_breakpoint&quot;:1366,&quot;tablet_landscape_slides_to_scroll&quot;:2,&quot;tablet_portrait_breakpoint&quot;:1025,&quot;tablet_portrait_slides_to_scroll&quot;:2,&quot;mobile_breakpoint&quot;:480,&quot;mobile_slides_to_scroll&quot;:1}\" data-variable_width=\"true\" \t>\n\t\t<div\n\t\t\tclass=\"sow-carousel-items\"\n\t\t\t\t\t>\n\t\t\t\t<div class=\"sow-carousel-item\" tabindex=\"-1\" style=\"float: left;\">\n\t\t<div class=\"sow-carousel-thumbnail\">\n\t\t\t\t\t\t\t<a\n\t\t\t\t\thref=\"https:\/\/maisdonsursevre-steanne.fr\/?p=6483\"\n\t\t\t\t\t\t\t\t\t\tstyle=\"background-image: url( https:\/\/maisdonsursevre-steanne.fr\/wp-content\/uploads\/2025\/11\/Affiche-fete-de-Noel-2025-150x150.png )\"\n\t\t\t\t\taria-labelledby=\"sow-carousel-id-6483\"\n\t\t\t\t\ttabindex=\"-1\"\n\t\t\t\t>\n\t\t\t\t\t<span class=\"overlay\"><\/span>\n\t\t\t\t<\/a>\n\t\t\t\t\t<\/div>\n\t\t<h3 class=\"sow-carousel-item-title\">\n\t\t\t<a\n\t\t\t\thref=\"https:\/\/maisdonsursevre-steanne.fr\/?p=6483\"\n\t\t\t\tid=\"sow-carousel-id-6483\"\n\t\t\t\t\t\t\t\ttabindex=\"-1\"\n\t\t\t>\n\n\t\t\t\tF\u00eate de No\u00ebl 2025\t\t\t<\/a>\n\t\t<\/h3>\n\t<\/div>\n\t\t<div class=\"sow-carousel-item\" tabindex=\"-1\" style=\"float: left;\">\n\t\t<div class=\"sow-carousel-thumbnail\">\n\t\t\t\t\t\t\t<a\n\t\t\t\t\thref=\"https:\/\/maisdonsursevre-steanne.fr\/?p=6570\"\n\t\t\t\t\t\t\t\t\t\tstyle=\"background-image: url( https:\/\/maisdonsursevre-steanne.fr\/wp-content\/uploads\/2025\/11\/5a863a87-751f-4f35-8bcb-dedb7d422647-150x150.jpg )\"\n\t\t\t\t\taria-labelledby=\"sow-carousel-id-6570\"\n\t\t\t\t\ttabindex=\"-1\"\n\t\t\t\t>\n\t\t\t\t\t<span class=\"overlay\"><\/span>\n\t\t\t\t<\/a>\n\t\t\t\t\t<\/div>\n\t\t<h3 class=\"sow-carousel-item-title\">\n\t\t\t<a\n\t\t\t\thref=\"https:\/\/maisdonsursevre-steanne.fr\/?p=6570\"\n\t\t\t\tid=\"sow-carousel-id-6570\"\n\t\t\t\t\t\t\t\ttabindex=\"-1\"\n\t\t\t>\n\n\t\t\t\tNos voyages inspir\u00e9s du &#8220;Voyage \u00e0 Nantes&#8221;\t\t\t<\/a>\n\t\t<\/h3>\n\t<\/div>\n\t\t<div class=\"sow-carousel-item\" tabindex=\"-1\" style=\"float: left;\">\n\t\t<div class=\"sow-carousel-thumbnail\">\n\t\t\t\t\t\t\t<a\n\t\t\t\t\thref=\"https:\/\/maisdonsursevre-steanne.fr\/?p=6487\"\n\t\t\t\t\t\t\t\t\t\tstyle=\"background-image: url( https:\/\/maisdonsursevre-steanne.fr\/wp-content\/uploads\/2025\/11\/Portes-Ouvertes-2025-Instagram-150x150.png )\"\n\t\t\t\t\taria-labelledby=\"sow-carousel-id-6487\"\n\t\t\t\t\ttabindex=\"-1\"\n\t\t\t\t>\n\t\t\t\t\t<span class=\"overlay\"><\/span>\n\t\t\t\t<\/a>\n\t\t\t\t\t<\/div>\n\t\t<h3 class=\"sow-carousel-item-title\">\n\t\t\t<a\n\t\t\t\thref=\"https:\/\/maisdonsursevre-steanne.fr\/?p=6487\"\n\t\t\t\tid=\"sow-carousel-id-6487\"\n\t\t\t\t\t\t\t\ttabindex=\"-1\"\n\t\t\t>\n\n\t\t\t\tPortes Ouvertes 2025\t\t\t<\/a>\n\t\t<\/h3>\n\t<\/div>\n\t\t<div class=\"sow-carousel-item\" tabindex=\"-1\" style=\"float: left;\">\n\t\t<div class=\"sow-carousel-thumbnail\">\n\t\t\t\t\t\t\t<a\n\t\t\t\t\thref=\"https:\/\/maisdonsursevre-steanne.fr\/?p=6271\"\n\t\t\t\t\t\t\t\t\t\tstyle=\"background-image: url( https:\/\/maisdonsursevre-steanne.fr\/wp-content\/uploads\/2025\/11\/000326-150x150.jpg )\"\n\t\t\t\t\taria-labelledby=\"sow-carousel-id-6271\"\n\t\t\t\t\ttabindex=\"-1\"\n\t\t\t\t>\n\t\t\t\t\t<span class=\"overlay\"><\/span>\n\t\t\t\t<\/a>\n\t\t\t\t\t<\/div>\n\t\t<h3 class=\"sow-carousel-item-title\">\n\t\t\t<a\n\t\t\t\thref=\"https:\/\/maisdonsursevre-steanne.fr\/?p=6271\"\n\t\t\t\tid=\"sow-carousel-id-6271\"\n\t\t\t\t\t\t\t\ttabindex=\"-1\"\n\t\t\t>\n\n\t\t\t\tBoites de lecture 2025-2026\t\t\t<\/a>\n\t\t<\/h3>\n\t<\/div>\n\t\t<div class=\"sow-carousel-item\" tabindex=\"-1\" style=\"float: left;\">\n\t\t<div class=\"sow-carousel-thumbnail\">\n\t\t\t\t\t\t\t<a\n\t\t\t\t\thref=\"https:\/\/maisdonsursevre-steanne.fr\/?p=6490\"\n\t\t\t\t\t\t\t\t\t\tstyle=\"background-image: url( https:\/\/maisdonsursevre-steanne.fr\/wp-content\/uploads\/2025\/11\/1-2-150x150.png )\"\n\t\t\t\t\taria-labelledby=\"sow-carousel-id-6490\"\n\t\t\t\t\ttabindex=\"-1\"\n\t\t\t\t>\n\t\t\t\t\t<span class=\"overlay\"><\/span>\n\t\t\t\t<\/a>\n\t\t\t\t\t<\/div>\n\t\t<h3 class=\"sow-carousel-item-title\">\n\t\t\t<a\n\t\t\t\thref=\"https:\/\/maisdonsursevre-steanne.fr\/?p=6490\"\n\t\t\t\tid=\"sow-carousel-id-6490\"\n\t\t\t\t\t\t\t\ttabindex=\"-1\"\n\t\t\t>\n\n\t\t\t\tPremi\u00e8re p\u00e9riode en CE1-CE2 : apprendre \u00e0 mieux se conna\u00eetre pour mieux vivre ensemble !\t\t\t<\/a>\n\t\t<\/h3>\n\t<\/div>\n\t\t<div class=\"sow-carousel-item\" tabindex=\"-1\" style=\"float: left;\">\n\t\t<div class=\"sow-carousel-thumbnail\">\n\t\t\t\t\t\t\t<a\n\t\t\t\t\thref=\"https:\/\/maisdonsursevre-steanne.fr\/?p=6299\"\n\t\t\t\t\t\t\t\t\t\tstyle=\"background-image: url( https:\/\/maisdonsursevre-steanne.fr\/wp-content\/uploads\/2025\/11\/1-150x150.png )\"\n\t\t\t\t\taria-labelledby=\"sow-carousel-id-6299\"\n\t\t\t\t\ttabindex=\"-1\"\n\t\t\t\t>\n\t\t\t\t\t<span class=\"overlay\"><\/span>\n\t\t\t\t<\/a>\n\t\t\t\t\t<\/div>\n\t\t<h3 class=\"sow-carousel-item-title\">\n\t\t\t<a\n\t\t\t\thref=\"https:\/\/maisdonsursevre-steanne.fr\/?p=6299\"\n\t\t\t\tid=\"sow-carousel-id-6299\"\n\t\t\t\t\t\t\t\ttabindex=\"-1\"\n\t\t\t>\n\n\t\t\t\tPremi\u00e8re journ\u00e9e de parrainage : 17 octobre 2025\t\t\t<\/a>\n\t\t<\/h3>\n\t<\/div>\n\t\t<div class=\"sow-carousel-item\" tabindex=\"-1\" style=\"float: left;\">\n\t\t<div class=\"sow-carousel-thumbnail\">\n\t\t\t\t\t\t\t<a\n\t\t\t\t\thref=\"https:\/\/maisdonsursevre-steanne.fr\/?p=6502\"\n\t\t\t\t\t\t\t\t\t\tstyle=\"background-image: url( https:\/\/maisdonsursevre-steanne.fr\/wp-content\/uploads\/2025\/11\/564618281_1318710750049821_1577332042703376167_n-150x150.jpg )\"\n\t\t\t\t\taria-labelledby=\"sow-carousel-id-6502\"\n\t\t\t\t\ttabindex=\"-1\"\n\t\t\t\t>\n\t\t\t\t\t<span class=\"overlay\"><\/span>\n\t\t\t\t<\/a>\n\t\t\t\t\t<\/div>\n\t\t<h3 class=\"sow-carousel-item-title\">\n\t\t\t<a\n\t\t\t\thref=\"https:\/\/maisdonsursevre-steanne.fr\/?p=6502\"\n\t\t\t\tid=\"sow-carousel-id-6502\"\n\t\t\t\t\t\t\t\ttabindex=\"-1\"\n\t\t\t>\n\n\t\t\t\tOn parle de nous dans l\u2019Hebdo S\u00e8vre &#038; Maine ! \ufe0f\t\t\t<\/a>\n\t\t<\/h3>\n\t<\/div>\n\t\t<div class=\"sow-carousel-item\" tabindex=\"-1\" style=\"float: left;\">\n\t\t<div class=\"sow-carousel-thumbnail\">\n\t\t\t\t\t\t\t<a\n\t\t\t\t\thref=\"https:\/\/maisdonsursevre-steanne.fr\/?p=6506\"\n\t\t\t\t\t\t\t\t\t\tstyle=\"background-image: url( https:\/\/maisdonsursevre-steanne.fr\/wp-content\/uploads\/2025\/11\/A-150x150.png )\"\n\t\t\t\t\taria-labelledby=\"sow-carousel-id-6506\"\n\t\t\t\t\ttabindex=\"-1\"\n\t\t\t\t>\n\t\t\t\t\t<span class=\"overlay\"><\/span>\n\t\t\t\t<\/a>\n\t\t\t\t\t<\/div>\n\t\t<h3 class=\"sow-carousel-item-title\">\n\t\t\t<a\n\t\t\t\thref=\"https:\/\/maisdonsursevre-steanne.fr\/?p=6506\"\n\t\t\t\tid=\"sow-carousel-id-6506\"\n\t\t\t\t\t\t\t\ttabindex=\"-1\"\n\t\t\t>\n\n\t\t\t\tClasse Dehors : les premi\u00e8res aventures en pleine nature pour les CM1-CM2 !\t\t\t<\/a>\n\t\t<\/h3>\n\t<\/div>\n\t\t<div class=\"sow-carousel-item\" tabindex=\"-1\" style=\"float: left;\">\n\t\t<div class=\"sow-carousel-thumbnail\">\n\t\t\t\t\t\t\t<a\n\t\t\t\t\thref=\"https:\/\/maisdonsursevre-steanne.fr\/?p=6311\"\n\t\t\t\t\t\t\t\t\t\tstyle=\"background-image: url( https:\/\/maisdonsursevre-steanne.fr\/wp-content\/uploads\/2025\/11\/11-150x150.png )\"\n\t\t\t\t\taria-labelledby=\"sow-carousel-id-6311\"\n\t\t\t\t\ttabindex=\"-1\"\n\t\t\t\t>\n\t\t\t\t\t<span class=\"overlay\"><\/span>\n\t\t\t\t<\/a>\n\t\t\t\t\t<\/div>\n\t\t<h3 class=\"sow-carousel-item-title\">\n\t\t\t<a\n\t\t\t\thref=\"https:\/\/maisdonsursevre-steanne.fr\/?p=6311\"\n\t\t\t\tid=\"sow-carousel-id-6311\"\n\t\t\t\t\t\t\t\ttabindex=\"-1\"\n\t\t\t>\n\n\t\t\t\tUne belle premi\u00e8re p\u00e9riode en GS-CP !\t\t\t<\/a>\n\t\t<\/h3>\n\t<\/div>\n\t\t<div class=\"sow-carousel-item\" tabindex=\"-1\" style=\"float: left;\">\n\t\t<div class=\"sow-carousel-thumbnail\">\n\t\t\t\t\t\t\t<a\n\t\t\t\t\thref=\"https:\/\/maisdonsursevre-steanne.fr\/?p=6324\"\n\t\t\t\t\t\t\t\t\t\tstyle=\"background-image: url( https:\/\/maisdonsursevre-steanne.fr\/wp-content\/uploads\/2025\/11\/Rando-2025-2-150x150.jpg )\"\n\t\t\t\t\taria-labelledby=\"sow-carousel-id-6324\"\n\t\t\t\t\ttabindex=\"-1\"\n\t\t\t\t>\n\t\t\t\t\t<span class=\"overlay\"><\/span>\n\t\t\t\t<\/a>\n\t\t\t\t\t<\/div>\n\t\t<h3 class=\"sow-carousel-item-title\">\n\t\t\t<a\n\t\t\t\thref=\"https:\/\/maisdonsursevre-steanne.fr\/?p=6324\"\n\t\t\t\tid=\"sow-carousel-id-6324\"\n\t\t\t\t\t\t\t\ttabindex=\"-1\"\n\t\t\t>\n\n\t\t\t\tRandonn\u00e9e des familles : 1\u00e8re \u00e9dition\t\t\t<\/a>\n\t\t<\/h3>\n\t<\/div>\n\t\t\t<\/div>\n\t\t\t<\/div>\n\n\t<\/div>\n\t\t<input type=\"hidden\" name=\"instance_hash\" value=\"cfff3174\"\/>\n\t<\/div>\n<\/div><\/div><\/div><\/div><\/div><\/div>","protected":false},"excerpt":{"rendered":"<p>INSCRIPTIONS INSCRIPTIONS Les inscriptions pour la rentr\u00e9e scolaire de septembre 2026 sont ouvertes. Voir plus d&#8217;informations ici BIENVENUE Bienvenue sur le site de l&#8217;\u00e9cole Sainte Anne \u00e0 Maisdon sur S\u00e8vre Facebook &#8211;&nbsp;Instagram ACTUALITES Informations sur le recyclage Conseil des d\u00e9l\u00e9gu\u00e9s Acc\u00e9der aux activit\u00e9s du midi Acc\u00e9der aux menus de la cantine Location de costumes &nbsp;&hellip; <br \/> <a class=\"read-more\" href=\"https:\/\/maisdonsursevre-steanne.fr\/?p=6324\">Lire la suite<\/a><\/p>\n","protected":false},"author":1,"featured_media":0,"parent":0,"menu_order":0,"comment_status":"closed","ping_status":"closed","template":"","meta":{"ngg_post_thumbnail":0,"footnotes":""},"_links":{"self":[{"href":"https:\/\/maisdonsursevre-steanne.fr\/index.php?rest_route=\/wp\/v2\/pages\/2"}],"collection":[{"href":"https:\/\/maisdonsursevre-steanne.fr\/index.php?rest_route=\/wp\/v2\/pages"}],"about":[{"href":"https:\/\/maisdonsursevre-steanne.fr\/index.php?rest_route=\/wp\/v2\/types\/page"}],"author":[{"embeddable":true,"href":"https:\/\/maisdonsursevre-steanne.fr\/index.php?rest_route=\/wp\/v2\/users\/1"}],"replies":[{"embeddable":true,"href":"https:\/\/maisdonsursevre-steanne.fr\/index.php?rest_route=%2Fwp%2Fv2%2Fcomments&post=2"}],"version-history":[{"count":57,"href":"https:\/\/maisdonsursevre-steanne.fr\/index.php?rest_route=\/wp\/v2\/pages\/2\/revisions"}],"predecessor-version":[{"id":6575,"href":"https:\/\/maisdonsursevre-steanne.fr\/index.php?rest_route=\/wp\/v2\/pages\/2\/revisions\/6575"}],"wp:attachment":[{"href":"https:\/\/maisdonsursevre-steanne.fr\/index.php?rest_route=%2Fwp%2Fv2%2Fmedia&parent=2"}],"curies":[{"name":"wp","href":"https:\/\/api.w.org\/{rel}","templated":true}]}}